{"id":28549,"date":"2026-05-01T09:32:49","date_gmt":"2026-05-01T13:32:49","guid":{"rendered":"https:\/\/www.infotetquebec.com\/event\/quebec-qc-visita-al-museo-de-la-civilizacion-para-los-tet\/"},"modified":"2026-05-01T09:34:52","modified_gmt":"2026-05-01T13:34:52","slug":"quebec-qc-visita-al-museo-de-la-civilizacion-para-los-tet","status":"publish","type":"tribe_events","link":"https:\/\/www.infotetquebec.com\/es\/event\/quebec-qc-visita-al-museo-de-la-civilizacion-para-los-tet\/","title":{"rendered":"Qu\u00e9bec, QC \/ Visita al Museo de la Civilizaci\u00f3n para los TET."},"content":{"rendered":"<p data-start=\"0\" data-end=\"184\"><strong>Qu\u00e9bec, QC \/ Visita al Museo de la Civilizaci\u00f3n para los TET.<\/strong><\/p>\n<p data-start=\"0\" data-end=\"184\">\ud83d\udccd85 Rue Dalhousie, Qu\u00e9bec, QC G1K 8R2 \/ Museo de la Civilizaci\u00f3n<br data-start=\"129\" data-end=\"132\" data-is-only-node=\"\" \/>\ud83d\udcc5 9 de mayo de 2026<br data-start=\"152\" data-end=\"155\" \/>\ud83d\udd50 9:30 a. m. &#8211; 12:30 p. m.<\/p>\n<p data-start=\"186\" data-end=\"380\">Visita al Museo de la Civilizaci\u00f3n, una oportunidad para descubrir la cultura quebequense y compartir un momento agradable en un ambiente c\u00e1lido e inclusivo. Se ofrecer\u00e1 un peque\u00f1o refrigerio.<\/p>\n<p data-start=\"382\" data-end=\"581\" data-is-last-node=\"\" data-is-only-node=\"\">\ud83d\udc49 Esta actividad est\u00e1 destinada a trabajadores extranjeros temporales con permiso de trabajo cerrado.<\/p>\n<p data-start=\"382\" data-end=\"581\" data-is-last-node=\"\" data-is-only-node=\"\">Por favor, siga las instrucciones indicadas en el cartel del evento y contacte al organizador.<\/p>\n","protected":false},"excerpt":{"rendered":"<p>Qu\u00e9bec, QC \/ Visita al Museo de la Civilizaci\u00f3n para los TET. \ud83d\udccd85 Rue Dalhousie, Qu\u00e9bec, QC G1K 8R2 \/ Museo de la Civilizaci\u00f3n\ud83d\udcc5 9 de mayo de 2026\ud83d\udd50 9:30&#8230; <a class=\"more-link\" href=\"https:\/\/www.infotetquebec.com\/es\/event\/quebec-qc-visita-al-museo-de-la-civilizacion-para-los-tet\/\">Leer m\u00e1s<\/a><\/p>\n","protected":false},"author":24,"featured_media":28553,"template":"","meta":{"_genesis_hide_title":false,"_genesis_hide_breadcrumbs":false,"_genesis_hide_singular_image":false,"_genesis_hide_footer_widgets":false,"_genesis_custom_body_class":"","_genesis_custom_post_class":"","_genesis_layout":"","_tribe_events_status":"","_tribe_events_status_reason":"","footnotes":""},"tags":[122],"tribe_events_cat":[402,62],"class_list":["post-28549","tribe_events","type-tribe_events","status-publish","has-post-thumbnail","tag-soit-es","tribe_events_cat-actividad-social","tribe_events_cat-activite-culturelle-ou-sportive-es","cat_actividad-social","cat_activite-culturelle-ou-sportive-es","entry"],"yoast_head":"<!-- This site is optimized with the Yoast SEO plugin v27.5 - https:\/\/yoast.com\/product\/yoast-seo-wordpress\/ -->\n<title>Qu\u00e9bec, QC \/ Visita al Museo de la Civilizaci\u00f3n para los TET. - Infotetquebec<\/title>\n<meta name=\"robots\" content=\"index, follow, max-snippet:-1, max-image-preview:large, max-video-preview:-1\" \/>\n<link rel=\"canonical\" href=\"https:\/\/www.infotetquebec.com\/es\/event\/quebec-qc-visita-al-museo-de-la-civilizacion-para-los-tet\/\" \/>\n<meta property=\"og:locale\" content=\"es_ES\" \/>\n<meta property=\"og:type\" content=\"article\" \/>\n<meta property=\"og:title\" content=\"Qu\u00e9bec, QC \/ Visita al Museo de la Civilizaci\u00f3n para los TET. - Infotetquebec\" \/>\n<meta property=\"og:description\" content=\"Qu\u00e9bec, QC \/ Visita al Museo de la Civilizaci\u00f3n para los TET. \ud83d\udccd85 Rue Dalhousie, Qu\u00e9bec, QC G1K 8R2 \/ Museo de la Civilizaci\u00f3n\ud83d\udcc5 9 de mayo de 2026\ud83d\udd50 9:30... Leer m\u00e1s\" \/>\n<meta property=\"og:url\" content=\"https:\/\/www.infotetquebec.com\/es\/event\/quebec-qc-visita-al-museo-de-la-civilizacion-para-los-tet\/\" \/>\n<meta property=\"og:site_name\" content=\"Infotetquebec\" \/>\n<meta property=\"article:publisher\" content=\"https:\/\/www.facebook.com\/profile.php?id=100089616676260\" \/>\n<meta property=\"article:modified_time\" content=\"2026-05-01T13:34:52+00:00\" \/>\n<meta property=\"og:image\" content=\"https:\/\/www.infotetquebec.com\/wp-content\/uploads\/2026\/05\/Salida-Museo-de-la-Civilizacion-Espagnol.png\" \/>\n\t<meta property=\"og:image:width\" content=\"1080\" \/>\n\t<meta property=\"og:image:height\" content=\"1080\" \/>\n\t<meta property=\"og:image:type\" content=\"image\/png\" \/>\n<meta name=\"twitter:card\" content=\"summary_large_image\" \/>\n<meta name=\"twitter:label1\" content=\"Tiempo de lectura\" \/>\n\t<meta name=\"twitter:data1\" content=\"1 minuto\" \/>\n<script type=\"application\/ld+json\" class=\"yoast-schema-graph\">{\"@context\":\"https:\\\/\\\/schema.org\",\"@graph\":[{\"@type\":\"WebPage\",\"@id\":\"https:\\\/\\\/www.infotetquebec.com\\\/es\\\/event\\\/quebec-qc-visita-al-museo-de-la-civilizacion-para-los-tet\\\/\",\"url\":\"https:\\\/\\\/www.infotetquebec.com\\\/es\\\/event\\\/quebec-qc-visita-al-museo-de-la-civilizacion-para-los-tet\\\/\",\"name\":\"Qu\u00e9bec, QC \\\/ Visita al Museo de la Civilizaci\u00f3n para los TET. - Infotetquebec\",\"isPartOf\":{\"@id\":\"https:\\\/\\\/www.infotetquebec.com\\\/es\\\/#website\"},\"primaryImageOfPage\":{\"@id\":\"https:\\\/\\\/www.infotetquebec.com\\\/es\\\/event\\\/quebec-qc-visita-al-museo-de-la-civilizacion-para-los-tet\\\/#primaryimage\"},\"image\":{\"@id\":\"https:\\\/\\\/www.infotetquebec.com\\\/es\\\/event\\\/quebec-qc-visita-al-museo-de-la-civilizacion-para-los-tet\\\/#primaryimage\"},\"thumbnailUrl\":\"https:\\\/\\\/www.infotetquebec.com\\\/wp-content\\\/uploads\\\/2026\\\/05\\\/Salida-Museo-de-la-Civilizacion-Espagnol.png\",\"datePublished\":\"2026-05-01T13:32:49+00:00\",\"dateModified\":\"2026-05-01T13:34:52+00:00\",\"breadcrumb\":{\"@id\":\"https:\\\/\\\/www.infotetquebec.com\\\/es\\\/event\\\/quebec-qc-visita-al-museo-de-la-civilizacion-para-los-tet\\\/#breadcrumb\"},\"inLanguage\":\"es\",\"potentialAction\":[{\"@type\":\"ReadAction\",\"target\":[\"https:\\\/\\\/www.infotetquebec.com\\\/es\\\/event\\\/quebec-qc-visita-al-museo-de-la-civilizacion-para-los-tet\\\/\"]}]},{\"@type\":\"ImageObject\",\"inLanguage\":\"es\",\"@id\":\"https:\\\/\\\/www.infotetquebec.com\\\/es\\\/event\\\/quebec-qc-visita-al-museo-de-la-civilizacion-para-los-tet\\\/#primaryimage\",\"url\":\"https:\\\/\\\/www.infotetquebec.com\\\/wp-content\\\/uploads\\\/2026\\\/05\\\/Salida-Museo-de-la-Civilizacion-Espagnol.png\",\"contentUrl\":\"https:\\\/\\\/www.infotetquebec.com\\\/wp-content\\\/uploads\\\/2026\\\/05\\\/Salida-Museo-de-la-Civilizacion-Espagnol.png\",\"width\":1080,\"height\":1080},{\"@type\":\"BreadcrumbList\",\"@id\":\"https:\\\/\\\/www.infotetquebec.com\\\/es\\\/event\\\/quebec-qc-visita-al-museo-de-la-civilizacion-para-los-tet\\\/#breadcrumb\",\"itemListElement\":[{\"@type\":\"ListItem\",\"position\":1,\"name\":\"Accueil\",\"item\":\"https:\\\/\\\/www.infotetquebec.com\\\/es\\\/\"},{\"@type\":\"ListItem\",\"position\":2,\"name\":\"Eventos\",\"item\":\"https:\\\/\\\/www.infotetquebec.com\\\/es\\\/events\\\/\"},{\"@type\":\"ListItem\",\"position\":3,\"name\":\"Qu\u00e9bec, QC \\\/ Visita al Museo de la Civilizaci\u00f3n para los TET.\"}]},{\"@type\":\"WebSite\",\"@id\":\"https:\\\/\\\/www.infotetquebec.com\\\/es\\\/#website\",\"url\":\"https:\\\/\\\/www.infotetquebec.com\\\/es\\\/\",\"name\":\"Infotetquebec\",\"description\":\"Info et soutien aux TET\",\"publisher\":{\"@id\":\"https:\\\/\\\/www.infotetquebec.com\\\/es\\\/#organization\"},\"potentialAction\":[{\"@type\":\"SearchAction\",\"target\":{\"@type\":\"EntryPoint\",\"urlTemplate\":\"https:\\\/\\\/www.infotetquebec.com\\\/es\\\/?s={search_term_string}\"},\"query-input\":{\"@type\":\"PropertyValueSpecification\",\"valueRequired\":true,\"valueName\":\"search_term_string\"}}],\"inLanguage\":\"es\"},{\"@type\":\"Organization\",\"@id\":\"https:\\\/\\\/www.infotetquebec.com\\\/es\\\/#organization\",\"name\":\"InfoTETQuebec\",\"url\":\"https:\\\/\\\/www.infotetquebec.com\\\/es\\\/\",\"logo\":{\"@type\":\"ImageObject\",\"inLanguage\":\"es\",\"@id\":\"https:\\\/\\\/www.infotetquebec.com\\\/es\\\/#\\\/schema\\\/logo\\\/image\\\/\",\"url\":\"https:\\\/\\\/www.infotetquebec.com\\\/wp-content\\\/uploads\\\/2021\\\/02\\\/cropped-IMQC_TET_Favicon_Fav-Icon_Fav-Icon-1.png\",\"contentUrl\":\"https:\\\/\\\/www.infotetquebec.com\\\/wp-content\\\/uploads\\\/2021\\\/02\\\/cropped-IMQC_TET_Favicon_Fav-Icon_Fav-Icon-1.png\",\"width\":512,\"height\":512,\"caption\":\"InfoTETQuebec\"},\"image\":{\"@id\":\"https:\\\/\\\/www.infotetquebec.com\\\/es\\\/#\\\/schema\\\/logo\\\/image\\\/\"},\"sameAs\":[\"https:\\\/\\\/www.facebook.com\\\/profile.php?id=100089616676260\"]}]}<\/script>\n<!-- \/ Yoast SEO plugin. -->","yoast_head_json":{"title":"Qu\u00e9bec, QC \/ Visita al Museo de la Civilizaci\u00f3n para los TET. - Infotetquebec","robots":{"index":"index","follow":"follow","max-snippet":"max-snippet:-1","max-image-preview":"max-image-preview:large","max-video-preview":"max-video-preview:-1"},"canonical":"https:\/\/www.infotetquebec.com\/es\/event\/quebec-qc-visita-al-museo-de-la-civilizacion-para-los-tet\/","og_locale":"es_ES","og_type":"article","og_title":"Qu\u00e9bec, QC \/ Visita al Museo de la Civilizaci\u00f3n para los TET. - Infotetquebec","og_description":"Qu\u00e9bec, QC \/ Visita al Museo de la Civilizaci\u00f3n para los TET. \ud83d\udccd85 Rue Dalhousie, Qu\u00e9bec, QC G1K 8R2 \/ Museo de la Civilizaci\u00f3n\ud83d\udcc5 9 de mayo de 2026\ud83d\udd50 9:30... Leer m\u00e1s","og_url":"https:\/\/www.infotetquebec.com\/es\/event\/quebec-qc-visita-al-museo-de-la-civilizacion-para-los-tet\/","og_site_name":"Infotetquebec","article_publisher":"https:\/\/www.facebook.com\/profile.php?id=100089616676260","article_modified_time":"2026-05-01T13:34:52+00:00","og_image":[{"width":1080,"height":1080,"url":"https:\/\/www.infotetquebec.com\/wp-content\/uploads\/2026\/05\/Salida-Museo-de-la-Civilizacion-Espagnol.png","type":"image\/png"}],"twitter_card":"summary_large_image","twitter_misc":{"Tiempo de lectura":"1 minuto"},"schema":{"@context":"https:\/\/schema.org","@graph":[{"@type":"WebPage","@id":"https:\/\/www.infotetquebec.com\/es\/event\/quebec-qc-visita-al-museo-de-la-civilizacion-para-los-tet\/","url":"https:\/\/www.infotetquebec.com\/es\/event\/quebec-qc-visita-al-museo-de-la-civilizacion-para-los-tet\/","name":"Qu\u00e9bec, QC \/ Visita al Museo de la Civilizaci\u00f3n para los TET. - Infotetquebec","isPartOf":{"@id":"https:\/\/www.infotetquebec.com\/es\/#website"},"primaryImageOfPage":{"@id":"https:\/\/www.infotetquebec.com\/es\/event\/quebec-qc-visita-al-museo-de-la-civilizacion-para-los-tet\/#primaryimage"},"image":{"@id":"https:\/\/www.infotetquebec.com\/es\/event\/quebec-qc-visita-al-museo-de-la-civilizacion-para-los-tet\/#primaryimage"},"thumbnailUrl":"https:\/\/www.infotetquebec.com\/wp-content\/uploads\/2026\/05\/Salida-Museo-de-la-Civilizacion-Espagnol.png","datePublished":"2026-05-01T13:32:49+00:00","dateModified":"2026-05-01T13:34:52+00:00","breadcrumb":{"@id":"https:\/\/www.infotetquebec.com\/es\/event\/quebec-qc-visita-al-museo-de-la-civilizacion-para-los-tet\/#breadcrumb"},"inLanguage":"es","potentialAction":[{"@type":"ReadAction","target":["https:\/\/www.infotetquebec.com\/es\/event\/quebec-qc-visita-al-museo-de-la-civilizacion-para-los-tet\/"]}]},{"@type":"ImageObject","inLanguage":"es","@id":"https:\/\/www.infotetquebec.com\/es\/event\/quebec-qc-visita-al-museo-de-la-civilizacion-para-los-tet\/#primaryimage","url":"https:\/\/www.infotetquebec.com\/wp-content\/uploads\/2026\/05\/Salida-Museo-de-la-Civilizacion-Espagnol.png","contentUrl":"https:\/\/www.infotetquebec.com\/wp-content\/uploads\/2026\/05\/Salida-Museo-de-la-Civilizacion-Espagnol.png","width":1080,"height":1080},{"@type":"BreadcrumbList","@id":"https:\/\/www.infotetquebec.com\/es\/event\/quebec-qc-visita-al-museo-de-la-civilizacion-para-los-tet\/#breadcrumb","itemListElement":[{"@type":"ListItem","position":1,"name":"Accueil","item":"https:\/\/www.infotetquebec.com\/es\/"},{"@type":"ListItem","position":2,"name":"Eventos","item":"https:\/\/www.infotetquebec.com\/es\/events\/"},{"@type":"ListItem","position":3,"name":"Qu\u00e9bec, QC \/ Visita al Museo de la Civilizaci\u00f3n para los TET."}]},{"@type":"WebSite","@id":"https:\/\/www.infotetquebec.com\/es\/#website","url":"https:\/\/www.infotetquebec.com\/es\/","name":"Infotetquebec","description":"Info et soutien aux TET","publisher":{"@id":"https:\/\/www.infotetquebec.com\/es\/#organization"},"potentialAction":[{"@type":"SearchAction","target":{"@type":"EntryPoint","urlTemplate":"https:\/\/www.infotetquebec.com\/es\/?s={search_term_string}"},"query-input":{"@type":"PropertyValueSpecification","valueRequired":true,"valueName":"search_term_string"}}],"inLanguage":"es"},{"@type":"Organization","@id":"https:\/\/www.infotetquebec.com\/es\/#organization","name":"InfoTETQuebec","url":"https:\/\/www.infotetquebec.com\/es\/","logo":{"@type":"ImageObject","inLanguage":"es","@id":"https:\/\/www.infotetquebec.com\/es\/#\/schema\/logo\/image\/","url":"https:\/\/www.infotetquebec.com\/wp-content\/uploads\/2021\/02\/cropped-IMQC_TET_Favicon_Fav-Icon_Fav-Icon-1.png","contentUrl":"https:\/\/www.infotetquebec.com\/wp-content\/uploads\/2021\/02\/cropped-IMQC_TET_Favicon_Fav-Icon_Fav-Icon-1.png","width":512,"height":512,"caption":"InfoTETQuebec"},"image":{"@id":"https:\/\/www.infotetquebec.com\/es\/#\/schema\/logo\/image\/"},"sameAs":["https:\/\/www.facebook.com\/profile.php?id=100089616676260"]}]}},"_links":{"self":[{"href":"https:\/\/www.infotetquebec.com\/es\/wp-json\/wp\/v2\/tribe_events\/28549","targetHints":{"allow":["GET"]}}],"collection":[{"href":"https:\/\/www.infotetquebec.com\/es\/wp-json\/wp\/v2\/tribe_events"}],"about":[{"href":"https:\/\/www.infotetquebec.com\/es\/wp-json\/wp\/v2\/types\/tribe_events"}],"author":[{"embeddable":true,"href":"https:\/\/www.infotetquebec.com\/es\/wp-json\/wp\/v2\/users\/24"}],"version-history":[{"count":1,"href":"https:\/\/www.infotetquebec.com\/es\/wp-json\/wp\/v2\/tribe_events\/28549\/revisions"}],"predecessor-version":[{"id":28550,"href":"https:\/\/www.infotetquebec.com\/es\/wp-json\/wp\/v2\/tribe_events\/28549\/revisions\/28550"}],"wp:featuredmedia":[{"embeddable":true,"href":"https:\/\/www.infotetquebec.com\/es\/wp-json\/wp\/v2\/media\/28553"}],"wp:attachment":[{"href":"https:\/\/www.infotetquebec.com\/es\/wp-json\/wp\/v2\/media?parent=28549"}],"wp:term":[{"taxonomy":"post_tag","embeddable":true,"href":"https:\/\/www.infotetquebec.com\/es\/wp-json\/wp\/v2\/tags?post=28549"},{"taxonomy":"tribe_events_cat","embeddable":true,"href":"https:\/\/www.infotetquebec.com\/es\/wp-json\/wp\/v2\/tribe_events_cat?post=28549"}],"curies":[{"name":"wp","href":"https:\/\/api.w.org\/{rel}","templated":true}]}}