{"id":7922,"date":"2023-08-03T15:29:00","date_gmt":"2023-08-03T19:29:00","guid":{"rendered":"https:\/\/www.infotetquebec.com\/?page_id=7922"},"modified":"2024-05-21T15:06:48","modified_gmt":"2024-05-21T19:06:48","slug":"audio-guia-informativa-trabajadores-extranjeros-temporales","status":"publish","type":"page","link":"https:\/\/www.infotetquebec.com\/es\/audio-guia-informativa-trabajadores-extranjeros-temporales\/","title":{"rendered":"Gu\u00eda audio"},"content":{"rendered":"\t\t<div data-elementor-type=\"wp-page\" data-elementor-id=\"7922\" class=\"elementor elementor-7922\" data-elementor-post-type=\"page\">\n\t\t\t\t\t\t<section class=\"elementor-section elementor-top-section elementor-element elementor-element-27d5b99f elementor-section-boxed elementor-section-height-default elementor-section-height-default\" data-id=\"27d5b99f\" data-element_type=\"section\" data-e-type=\"section\">\n\t\t\t\t\t\t<div class=\"elementor-container elementor-column-gap-default\">\n\t\t\t\t\t<div class=\"elementor-column elementor-col-100 elementor-top-column elementor-element elementor-element-6e26d825\" data-id=\"6e26d825\" data-element_type=\"column\" data-e-type=\"column\">\n\t\t\t<div class=\"elementor-widget-wrap elementor-element-populated\">\n\t\t\t\t\t\t<div class=\"elementor-element elementor-element-6331d0da elementor-widget elementor-widget-text-editor\" data-id=\"6331d0da\" data-element_type=\"widget\" data-e-type=\"widget\" data-widget_type=\"text-editor.default\">\n\t\t\t\t<div class=\"elementor-widget-container\">\n\t\t\t\t\t\t\t\t\t<h3 style=\"text-align: center;\"><a href=\"https:\/\/www.infotetquebec.com\/wp-content\/uploads\/2024\/05\/visuel_audio.png\"><img fetchpriority=\"high\" decoding=\"async\" src=\"https:\/\/www.infotetquebec.com\/wp-content\/uploads\/2024\/05\/visuel_audio.png\" alt=\"\" width=\"940\" height=\"788\" \/><\/a><br \/>\u00a1Escucha la versi\u00f3n audio de la gu\u00eda!\u00a0<\/h3><h4 style=\"text-align: center;\">Haz clic en el cap\u00edtulo que te interese:<\/h4><h4 style=\"text-align: center;\"><a href=\"https:\/\/youtu.be\/p2WT4Xj9Tbk\">Introducci\u00f3n\u00a0<\/a><\/h4><h4 style=\"text-align: center;\"><a href=\"https:\/\/youtu.be\/6pjRVJN83Dg\">Cap\u00edtulo 1 : Derechos y responsabilidades<\/a><\/h4><h4 style=\"text-align: center;\"><a href=\"https:\/\/youtu.be\/DIggnOCKsXU\">Cap\u00edtulo 2: Salud y seguridad en el trabajo<\/a><\/h4><h4 style=\"text-align: center;\"><a href=\"https:\/\/youtu.be\/OgtJapI8bW8\">Cap\u00edtulo 3 : Alojamiento<\/a><\/h4><h4 style=\"text-align: center;\"><a href=\"https:\/\/youtu.be\/Y6qt2SXfOQI\">Cap\u00edtulo 4 : Cuando las cosas salen mal<\/a><\/h4><h4 style=\"text-align: center;\"><a href=\"https:\/\/youtu.be\/le3Wa45CqwQ\">Cap\u00edtulo 5 : Gestion financiera<\/a><\/h4><h4 style=\"text-align: center;\"><a href=\"https:\/\/youtu.be\/bhP1fL32sS4\">Cap\u00edtulo 6 : Salud<\/a><\/h4><h4 style=\"text-align: center;\"><a href=\"https:\/\/www.youtube.com\/watch?v=QCK0ejgs5kU&amp;list=PLkq4bk1ADdmXKUASB3f2TDNu_8O0f2S7f&amp;index=9\">Cap\u00edtulo 7 : Medios de transporte<\/a><\/h4><h4 style=\"text-align: center;\"><a href=\"https:\/\/youtu.be\/Jfh2RLW3o84\">Cap\u00edtulo 8 : Conducir en Quebec<\/a><\/h4><h4 style=\"text-align: center;\"><a href=\"https:\/\/youtube.com\/shorts\/m6FObDIxFME?feature=share\">Cap\u00edtulo 9 : Seguridad en bicicleta<\/a><\/h4><h4 style=\"text-align: center;\"><a href=\"https:\/\/youtu.be\/YqyfXMugv2o\">Cap\u00edtulo 10 : Comunicaci\u00f3n<\/a><\/h4><h4 style=\"text-align: center;\"><a href=\"https:\/\/youtu.be\/S_K527pRIqQ\">Cap\u00edtulo 11 : Sobrevivir al invierno quebequense<\/a><\/h4><h4 style=\"text-align: center;\"><a href=\"https:\/\/youtu.be\/-lATbTWJhgQ\">Cap\u00edtulo 12 : Actividades y tradiciones a descubrir en Quebec<\/a><\/h4><h4 style=\"text-align: center;\"><a href=\"https:\/\/youtu.be\/Swou9EdHceU\">Conclusi\u00f3n<\/a><\/h4>\t\t\t\t\t\t\t\t<\/div>\n\t\t\t\t<\/div>\n\t\t\t\t\t<\/div>\n\t\t<\/div>\n\t\t\t\t\t<\/div>\n\t\t<\/section>\n\t\t\t\t<\/div>\n\t\t","protected":false},"excerpt":{"rendered":"<p>\u00a1Escucha la versi\u00f3n audio de la gu\u00eda!\u00a0 Haz clic en el cap\u00edtulo que te interese: Introducci\u00f3n\u00a0 Cap\u00edtulo 1 : Derechos y responsabilidades Cap\u00edtulo 2: Salud y seguridad en el trabajo&#8230; <a class=\"more-link\" href=\"https:\/\/www.infotetquebec.com\/es\/audio-guia-informativa-trabajadores-extranjeros-temporales\/\">Leer m\u00e1s<\/a><\/p>\n","protected":false},"author":17,"featured_media":0,"parent":0,"menu_order":0,"comment_status":"closed","ping_status":"closed","template":"","meta":{"_genesis_hide_title":false,"_genesis_hide_breadcrumbs":false,"_genesis_hide_singular_image":false,"_genesis_hide_footer_widgets":false,"_genesis_custom_body_class":"","_genesis_custom_post_class":"","_genesis_layout":"","footnotes":""},"class_list":["post-7922","page","type-page","status-publish","entry","has-post-thumbnail"],"yoast_head":"<!-- This site is optimized with the Yoast SEO plugin v27.5 - https:\/\/yoast.com\/product\/yoast-seo-wordpress\/ -->\n<title>Gu\u00eda audio - Infotetquebec<\/title>\n<meta name=\"description\" content=\"Versi\u00f3n audio de la gu\u00eda informativa para los trabajadores extranjeros temporales en Quebec realizada por InfoTET (Immigrant Qu\u00e9bec)\" \/>\n<meta name=\"robots\" content=\"index, follow, max-snippet:-1, max-image-preview:large, max-video-preview:-1\" \/>\n<link rel=\"canonical\" href=\"https:\/\/www.infotetquebec.com\/es\/audio-guia-informativa-trabajadores-extranjeros-temporales\/\" \/>\n<meta property=\"og:locale\" content=\"es_ES\" \/>\n<meta property=\"og:type\" content=\"article\" \/>\n<meta property=\"og:title\" content=\"Gu\u00eda audio - Infotetquebec\" \/>\n<meta property=\"og:description\" content=\"Versi\u00f3n audio de la gu\u00eda informativa para los trabajadores extranjeros temporales en Quebec realizada por InfoTET (Immigrant Qu\u00e9bec)\" \/>\n<meta property=\"og:url\" content=\"https:\/\/www.infotetquebec.com\/es\/audio-guia-informativa-trabajadores-extranjeros-temporales\/\" \/>\n<meta property=\"og:site_name\" content=\"Infotetquebec\" \/>\n<meta property=\"article:publisher\" content=\"https:\/\/www.facebook.com\/profile.php?id=100089616676260\" \/>\n<meta property=\"article:modified_time\" content=\"2024-05-21T19:06:48+00:00\" \/>\n<meta property=\"og:image\" content=\"https:\/\/www.infotetquebec.com\/wp-content\/uploads\/2024\/05\/visuel_audio.png\" \/>\n<meta name=\"twitter:card\" content=\"summary_large_image\" \/>\n<meta name=\"twitter:label1\" content=\"Tiempo de lectura\" \/>\n\t<meta name=\"twitter:data1\" content=\"1 minuto\" \/>\n<script type=\"application\/ld+json\" class=\"yoast-schema-graph\">{\"@context\":\"https:\\\/\\\/schema.org\",\"@graph\":[{\"@type\":\"WebPage\",\"@id\":\"https:\\\/\\\/www.infotetquebec.com\\\/es\\\/audio-guia-informativa-trabajadores-extranjeros-temporales\\\/\",\"url\":\"https:\\\/\\\/www.infotetquebec.com\\\/es\\\/audio-guia-informativa-trabajadores-extranjeros-temporales\\\/\",\"name\":\"Gu\u00eda audio - Infotetquebec\",\"isPartOf\":{\"@id\":\"https:\\\/\\\/www.infotetquebec.com\\\/es\\\/#website\"},\"primaryImageOfPage\":{\"@id\":\"https:\\\/\\\/www.infotetquebec.com\\\/es\\\/audio-guia-informativa-trabajadores-extranjeros-temporales\\\/#primaryimage\"},\"image\":{\"@id\":\"https:\\\/\\\/www.infotetquebec.com\\\/es\\\/audio-guia-informativa-trabajadores-extranjeros-temporales\\\/#primaryimage\"},\"thumbnailUrl\":\"https:\\\/\\\/www.infotetquebec.com\\\/wp-content\\\/uploads\\\/2024\\\/05\\\/visuel_audio.png\",\"datePublished\":\"2023-08-03T19:29:00+00:00\",\"dateModified\":\"2024-05-21T19:06:48+00:00\",\"description\":\"Versi\u00f3n audio de la gu\u00eda informativa para los trabajadores extranjeros temporales en Quebec realizada por InfoTET (Immigrant Qu\u00e9bec)\",\"breadcrumb\":{\"@id\":\"https:\\\/\\\/www.infotetquebec.com\\\/es\\\/audio-guia-informativa-trabajadores-extranjeros-temporales\\\/#breadcrumb\"},\"inLanguage\":\"es\",\"potentialAction\":[{\"@type\":\"ReadAction\",\"target\":[\"https:\\\/\\\/www.infotetquebec.com\\\/es\\\/audio-guia-informativa-trabajadores-extranjeros-temporales\\\/\"]}]},{\"@type\":\"ImageObject\",\"inLanguage\":\"es\",\"@id\":\"https:\\\/\\\/www.infotetquebec.com\\\/es\\\/audio-guia-informativa-trabajadores-extranjeros-temporales\\\/#primaryimage\",\"url\":\"https:\\\/\\\/www.infotetquebec.com\\\/wp-content\\\/uploads\\\/2024\\\/05\\\/visuel_audio.png\",\"contentUrl\":\"https:\\\/\\\/www.infotetquebec.com\\\/wp-content\\\/uploads\\\/2024\\\/05\\\/visuel_audio.png\"},{\"@type\":\"BreadcrumbList\",\"@id\":\"https:\\\/\\\/www.infotetquebec.com\\\/es\\\/audio-guia-informativa-trabajadores-extranjeros-temporales\\\/#breadcrumb\",\"itemListElement\":[{\"@type\":\"ListItem\",\"position\":1,\"name\":\"Accueil\",\"item\":\"https:\\\/\\\/www.infotetquebec.com\\\/es\\\/\"},{\"@type\":\"ListItem\",\"position\":2,\"name\":\"Gu\u00eda audio\"}]},{\"@type\":\"WebSite\",\"@id\":\"https:\\\/\\\/www.infotetquebec.com\\\/es\\\/#website\",\"url\":\"https:\\\/\\\/www.infotetquebec.com\\\/es\\\/\",\"name\":\"Infotetquebec\",\"description\":\"Info et soutien aux TET\",\"publisher\":{\"@id\":\"https:\\\/\\\/www.infotetquebec.com\\\/es\\\/#organization\"},\"potentialAction\":[{\"@type\":\"SearchAction\",\"target\":{\"@type\":\"EntryPoint\",\"urlTemplate\":\"https:\\\/\\\/www.infotetquebec.com\\\/es\\\/?s={search_term_string}\"},\"query-input\":{\"@type\":\"PropertyValueSpecification\",\"valueRequired\":true,\"valueName\":\"search_term_string\"}}],\"inLanguage\":\"es\"},{\"@type\":\"Organization\",\"@id\":\"https:\\\/\\\/www.infotetquebec.com\\\/es\\\/#organization\",\"name\":\"InfoTETQuebec\",\"url\":\"https:\\\/\\\/www.infotetquebec.com\\\/es\\\/\",\"logo\":{\"@type\":\"ImageObject\",\"inLanguage\":\"es\",\"@id\":\"https:\\\/\\\/www.infotetquebec.com\\\/es\\\/#\\\/schema\\\/logo\\\/image\\\/\",\"url\":\"https:\\\/\\\/www.infotetquebec.com\\\/wp-content\\\/uploads\\\/2021\\\/02\\\/cropped-IMQC_TET_Favicon_Fav-Icon_Fav-Icon-1.png\",\"contentUrl\":\"https:\\\/\\\/www.infotetquebec.com\\\/wp-content\\\/uploads\\\/2021\\\/02\\\/cropped-IMQC_TET_Favicon_Fav-Icon_Fav-Icon-1.png\",\"width\":512,\"height\":512,\"caption\":\"InfoTETQuebec\"},\"image\":{\"@id\":\"https:\\\/\\\/www.infotetquebec.com\\\/es\\\/#\\\/schema\\\/logo\\\/image\\\/\"},\"sameAs\":[\"https:\\\/\\\/www.facebook.com\\\/profile.php?id=100089616676260\"]}]}<\/script>\n<!-- \/ Yoast SEO plugin. -->","yoast_head_json":{"title":"Gu\u00eda audio - Infotetquebec","description":"Versi\u00f3n audio de la gu\u00eda informativa para los trabajadores extranjeros temporales en Quebec realizada por InfoTET (Immigrant Qu\u00e9bec)","robots":{"index":"index","follow":"follow","max-snippet":"max-snippet:-1","max-image-preview":"max-image-preview:large","max-video-preview":"max-video-preview:-1"},"canonical":"https:\/\/www.infotetquebec.com\/es\/audio-guia-informativa-trabajadores-extranjeros-temporales\/","og_locale":"es_ES","og_type":"article","og_title":"Gu\u00eda audio - Infotetquebec","og_description":"Versi\u00f3n audio de la gu\u00eda informativa para los trabajadores extranjeros temporales en Quebec realizada por InfoTET (Immigrant Qu\u00e9bec)","og_url":"https:\/\/www.infotetquebec.com\/es\/audio-guia-informativa-trabajadores-extranjeros-temporales\/","og_site_name":"Infotetquebec","article_publisher":"https:\/\/www.facebook.com\/profile.php?id=100089616676260","article_modified_time":"2024-05-21T19:06:48+00:00","og_image":[{"url":"https:\/\/www.infotetquebec.com\/wp-content\/uploads\/2024\/05\/visuel_audio.png","type":"","width":"","height":""}],"twitter_card":"summary_large_image","twitter_misc":{"Tiempo de lectura":"1 minuto"},"schema":{"@context":"https:\/\/schema.org","@graph":[{"@type":"WebPage","@id":"https:\/\/www.infotetquebec.com\/es\/audio-guia-informativa-trabajadores-extranjeros-temporales\/","url":"https:\/\/www.infotetquebec.com\/es\/audio-guia-informativa-trabajadores-extranjeros-temporales\/","name":"Gu\u00eda audio - Infotetquebec","isPartOf":{"@id":"https:\/\/www.infotetquebec.com\/es\/#website"},"primaryImageOfPage":{"@id":"https:\/\/www.infotetquebec.com\/es\/audio-guia-informativa-trabajadores-extranjeros-temporales\/#primaryimage"},"image":{"@id":"https:\/\/www.infotetquebec.com\/es\/audio-guia-informativa-trabajadores-extranjeros-temporales\/#primaryimage"},"thumbnailUrl":"https:\/\/www.infotetquebec.com\/wp-content\/uploads\/2024\/05\/visuel_audio.png","datePublished":"2023-08-03T19:29:00+00:00","dateModified":"2024-05-21T19:06:48+00:00","description":"Versi\u00f3n audio de la gu\u00eda informativa para los trabajadores extranjeros temporales en Quebec realizada por InfoTET (Immigrant Qu\u00e9bec)","breadcrumb":{"@id":"https:\/\/www.infotetquebec.com\/es\/audio-guia-informativa-trabajadores-extranjeros-temporales\/#breadcrumb"},"inLanguage":"es","potentialAction":[{"@type":"ReadAction","target":["https:\/\/www.infotetquebec.com\/es\/audio-guia-informativa-trabajadores-extranjeros-temporales\/"]}]},{"@type":"ImageObject","inLanguage":"es","@id":"https:\/\/www.infotetquebec.com\/es\/audio-guia-informativa-trabajadores-extranjeros-temporales\/#primaryimage","url":"https:\/\/www.infotetquebec.com\/wp-content\/uploads\/2024\/05\/visuel_audio.png","contentUrl":"https:\/\/www.infotetquebec.com\/wp-content\/uploads\/2024\/05\/visuel_audio.png"},{"@type":"BreadcrumbList","@id":"https:\/\/www.infotetquebec.com\/es\/audio-guia-informativa-trabajadores-extranjeros-temporales\/#breadcrumb","itemListElement":[{"@type":"ListItem","position":1,"name":"Accueil","item":"https:\/\/www.infotetquebec.com\/es\/"},{"@type":"ListItem","position":2,"name":"Gu\u00eda audio"}]},{"@type":"WebSite","@id":"https:\/\/www.infotetquebec.com\/es\/#website","url":"https:\/\/www.infotetquebec.com\/es\/","name":"Infotetquebec","description":"Info et soutien aux TET","publisher":{"@id":"https:\/\/www.infotetquebec.com\/es\/#organization"},"potentialAction":[{"@type":"SearchAction","target":{"@type":"EntryPoint","urlTemplate":"https:\/\/www.infotetquebec.com\/es\/?s={search_term_string}"},"query-input":{"@type":"PropertyValueSpecification","valueRequired":true,"valueName":"search_term_string"}}],"inLanguage":"es"},{"@type":"Organization","@id":"https:\/\/www.infotetquebec.com\/es\/#organization","name":"InfoTETQuebec","url":"https:\/\/www.infotetquebec.com\/es\/","logo":{"@type":"ImageObject","inLanguage":"es","@id":"https:\/\/www.infotetquebec.com\/es\/#\/schema\/logo\/image\/","url":"https:\/\/www.infotetquebec.com\/wp-content\/uploads\/2021\/02\/cropped-IMQC_TET_Favicon_Fav-Icon_Fav-Icon-1.png","contentUrl":"https:\/\/www.infotetquebec.com\/wp-content\/uploads\/2021\/02\/cropped-IMQC_TET_Favicon_Fav-Icon_Fav-Icon-1.png","width":512,"height":512,"caption":"InfoTETQuebec"},"image":{"@id":"https:\/\/www.infotetquebec.com\/es\/#\/schema\/logo\/image\/"},"sameAs":["https:\/\/www.facebook.com\/profile.php?id=100089616676260"]}]}},"rttpg_featured_image_url":null,"rttpg_author":{"display_name":"Francisco Salazar","author_link":"https:\/\/www.infotetquebec.com\/es\/author\/francisco-salazarimmigrantquebec-com\/"},"rttpg_comment":0,"rttpg_category":" <a href=\"https:\/\/www.infotetquebec.com\/es\/?taxonomy=translation_priority&#038;term=opcional-es-3\" rel=\"tag\">Opcional<\/a>","rttpg_excerpt":"\u00a1Escucha la versi\u00f3n audio de la gu\u00eda!\u00a0 Haz clic en el cap\u00edtulo que te interese: Introducci\u00f3n\u00a0 Cap\u00edtulo 1 : Derechos y responsabilidades Cap\u00edtulo 2: Salud y seguridad en el trabajo... Leer m\u00e1s","_links":{"self":[{"href":"https:\/\/www.infotetquebec.com\/es\/wp-json\/wp\/v2\/pages\/7922","targetHints":{"allow":["GET"]}}],"collection":[{"href":"https:\/\/www.infotetquebec.com\/es\/wp-json\/wp\/v2\/pages"}],"about":[{"href":"https:\/\/www.infotetquebec.com\/es\/wp-json\/wp\/v2\/types\/page"}],"author":[{"embeddable":true,"href":"https:\/\/www.infotetquebec.com\/es\/wp-json\/wp\/v2\/users\/17"}],"replies":[{"embeddable":true,"href":"https:\/\/www.infotetquebec.com\/es\/wp-json\/wp\/v2\/comments?post=7922"}],"version-history":[{"count":20,"href":"https:\/\/www.infotetquebec.com\/es\/wp-json\/wp\/v2\/pages\/7922\/revisions"}],"predecessor-version":[{"id":14185,"href":"https:\/\/www.infotetquebec.com\/es\/wp-json\/wp\/v2\/pages\/7922\/revisions\/14185"}],"wp:attachment":[{"href":"https:\/\/www.infotetquebec.com\/es\/wp-json\/wp\/v2\/media?parent=7922"}],"curies":[{"name":"wp","href":"https:\/\/api.w.org\/{rel}","templated":true}]}}