{"id":758,"date":"2021-02-07T09:14:39","date_gmt":"2021-02-07T14:14:39","guid":{"rendered":"https:\/\/www.infotetquebec.com\/?page_id=758"},"modified":"2021-02-23T14:03:11","modified_gmt":"2021-02-23T19:03:11","slug":"trafico-de-personas","status":"publish","type":"page","link":"https:\/\/www.infotetquebec.com\/es\/trafico-de-personas\/","title":{"rendered":"Tr\u00e1fico de personas"},"content":{"rendered":"\n<h3 class=\"has-black-color has-text-color wp-block-heading\"><strong>\u00bfEs usted una victima?  <\/strong><\/h3>\n\n\n\n<p class=\"has-black-color has-text-color\">Lastimosamente, algunas personas que vienen a Canad\u00e1 en calidad de trabajadores extranjeros temporales son ileg\u00edtimamente explotadas por su empleador, que las somete al trabajo forzado o a la explotaci\u00f3n sexual. En Canad\u00e1, este fen\u00f3meno se conoce como \u201ctr\u00e1fico de personas\u201d o \u201ctrata de seres humanos\u201d. Las v\u00edctimas del tr\u00e1fico de personas son controladas por empleadores que las obligan a trabajar o a ofrecer servicios sexuales mediante la intimidaci\u00f3n, la fuerza, las agresiones sexuales o amenazas contra las v\u00edctimas, sus familias y sus amigos. La explotaci\u00f3n de trabajadores es un delito muy grave; si usted cree ser v\u00edctima de este tipo de delito, el Gobierno de Canad\u00e1 puede brindarle protecci\u00f3n.<\/p>\n\n\n\n<p class=\"has-black-color has-text-color\"><strong><strong>Es posible que usted sea una v\u00edctima de tr\u00e1fico de personas si responde de manera afirmativa a cualquiera de las preguntas siguientes:<\/strong><\/strong><\/p>\n\n\n\n<ul class=\"has-black-color has-text-color wp-block-list\"><li>\u00bfLe han prohibido salir solo(a) de su lugar de trabajo o de su alojamiento?<\/li><li>\u00bfLe han quitado su pasaporte o su permiso de trabajo?<\/li><li>\u00bfHa sido v\u00edctima de violencia f\u00edsica, sexual o psicol\u00f3gica por parte de su empleador o de alguien vinculado con su empleador?<\/li><li>Su empleador o alg\u00fan representante de su empleador, \u00bfle ha amenazado a usted o a alguno de sus familiares?<\/li><li>&nbsp;\u00bfTiene temor de que algo malo le suceda a usted o a alguno de sus familiares si abandona su trabajo?<\/li><li>\u00bfVive usted en grupo en su lugar de trabajo y en malas condiciones (por ejemplo: no dispone de un espacio personal, debe dormir en espacios compartidos o en condiciones inadecuadas)?<\/li><li>\u00bfPag\u00f3 una comisi\u00f3n de contrataci\u00f3n excesivamente alta para venir a trabajar a Canad\u00e1?<\/li><li>\u00bfTiene la impresi\u00f3n de que debe dinero a su empleador porque le trajo a Canad\u00e1?<\/li><li>Su empleador o alg\u00fan representante de su empleador, \u00bfle ha pedido que le entregue, en dinero efectivo, una porci\u00f3n de su cheque de pago salarial?<\/li><\/ul>\n\n\n\n<p class=\"has-black-color has-text-color\"><strong><strong>Ejemplos de m\u00e9todos que los traficantes de personas utilizan para controlar a sus v\u00edctimas:<\/strong><\/strong><\/p>\n\n\n\n<ul class=\"has-black-color has-text-color wp-block-list\"><li>Hacer falsas promesas de empleo, viajes, condiciones de vida o trato.<\/li><li>Prometer la entrega de documentos de inmigraci\u00f3n y de viaje.<\/li><li>Hacer promesas que son demasiado buenas para ser verdaderas.<\/li><li>Hacer amenazas contra el trabajador o sus familiares.<\/li><li>Implicar al trabajador en actividades delictivas.<\/li><li>Desplazar al trabajador de un lugar de trabajo a otro sin su consentimiento, o bien forzarle a prostituirse.<\/li><li>Ense\u00f1ar al trabajador c\u00f3mo debe enga\u00f1ar a las autoridades.<\/li><\/ul>\n\n\n\n<p class=\"has-black-color has-text-color\"> En caso de abuso, <a href=\"https:\/\/www.infotetquebec.com\/es\/a-quien-contactar-si-es-victima-de-trata-de-personas\/\">contacte con los siguientes servicios<\/a>.<\/p>\n\n\n\n<figure class=\"wp-block-image size-large\"><img fetchpriority=\"high\" decoding=\"async\" width=\"2560\" height=\"1707\" src=\"https:\/\/www.infotetquebec.com\/wp-content\/uploads\/2021\/02\/sankavi-6ASpo3NMkHU-unsplash-scaled.jpg\" alt=\"\" class=\"wp-image-458\" srcset=\"https:\/\/www.infotetquebec.com\/wp-content\/uploads\/2021\/02\/sankavi-6ASpo3NMkHU-unsplash-scaled.jpg 2560w, https:\/\/www.infotetquebec.com\/wp-content\/uploads\/2021\/02\/sankavi-6ASpo3NMkHU-unsplash-scaled-300x200.jpg 300w, https:\/\/www.infotetquebec.com\/wp-content\/uploads\/2021\/02\/sankavi-6ASpo3NMkHU-unsplash-scaled-1024x683.jpg 1024w, https:\/\/www.infotetquebec.com\/wp-content\/uploads\/2021\/02\/sankavi-6ASpo3NMkHU-unsplash-scaled-768x512.jpg 768w, https:\/\/www.infotetquebec.com\/wp-content\/uploads\/2021\/02\/sankavi-6ASpo3NMkHU-unsplash-scaled-1536x1024.jpg 1536w, https:\/\/www.infotetquebec.com\/wp-content\/uploads\/2021\/02\/sankavi-6ASpo3NMkHU-unsplash-scaled-2048x1366.jpg 2048w\" sizes=\"(max-width: 2560px) 100vw, 2560px\" \/><figcaption>Foto : Sankavi<\/figcaption><\/figure>\n","protected":false},"excerpt":{"rendered":"<p>\u00bfEs usted una victima? Lastimosamente, algunas personas que vienen a Canad\u00e1 en calidad de trabajadores extranjeros temporales son ileg\u00edtimamente explotadas por su empleador, que las somete al trabajo forzado o&#8230; <a class=\"more-link\" href=\"https:\/\/www.infotetquebec.com\/es\/trafico-de-personas\/\">Leer m\u00e1s<\/a><\/p>\n","protected":false},"author":3,"featured_media":460,"parent":0,"menu_order":0,"comment_status":"closed","ping_status":"closed","template":"","meta":{"_genesis_hide_title":false,"_genesis_hide_breadcrumbs":false,"_genesis_hide_singular_image":false,"_genesis_hide_footer_widgets":false,"_genesis_custom_body_class":"","_genesis_custom_post_class":"","_genesis_layout":"","footnotes":""},"class_list":["post-758","page","type-page","status-publish","has-post-thumbnail","entry"],"yoast_head":"<!-- This site is optimized with the Yoast SEO plugin v27.5 - https:\/\/yoast.com\/product\/yoast-seo-wordpress\/ -->\n<title>Tr\u00e1fico de personas - Infotetquebec<\/title>\n<meta name=\"robots\" content=\"index, follow, max-snippet:-1, max-image-preview:large, max-video-preview:-1\" \/>\n<link rel=\"canonical\" href=\"https:\/\/www.infotetquebec.com\/es\/trafico-de-personas\/\" \/>\n<meta property=\"og:locale\" content=\"es_ES\" \/>\n<meta property=\"og:type\" content=\"article\" \/>\n<meta property=\"og:title\" content=\"Tr\u00e1fico de personas - Infotetquebec\" \/>\n<meta property=\"og:description\" content=\"\u00bfEs usted una victima? Lastimosamente, algunas personas que vienen a Canad\u00e1 en calidad de trabajadores extranjeros temporales son ileg\u00edtimamente explotadas por su empleador, que las somete al trabajo forzado o... Leer m\u00e1s\" \/>\n<meta property=\"og:url\" content=\"https:\/\/www.infotetquebec.com\/es\/trafico-de-personas\/\" \/>\n<meta property=\"og:site_name\" content=\"Infotetquebec\" \/>\n<meta property=\"article:publisher\" content=\"https:\/\/www.facebook.com\/profile.php?id=100089616676260\" \/>\n<meta property=\"article:modified_time\" content=\"2021-02-23T19:03:11+00:00\" \/>\n<meta property=\"og:image\" content=\"https:\/\/infotetquebec.com\/wp-content\/uploads\/2021\/02\/sankavi-6ASpo3NMkHU-unsplash-scaled.jpg\" \/>\n\t<meta property=\"og:image:width\" content=\"2560\" \/>\n\t<meta property=\"og:image:height\" content=\"1707\" \/>\n\t<meta property=\"og:image:type\" content=\"image\/jpeg\" \/>\n<meta name=\"twitter:card\" content=\"summary_large_image\" \/>\n<meta name=\"twitter:label1\" content=\"Tiempo de lectura\" \/>\n\t<meta name=\"twitter:data1\" content=\"2 minutos\" \/>\n<script type=\"application\/ld+json\" class=\"yoast-schema-graph\">{\"@context\":\"https:\\\/\\\/schema.org\",\"@graph\":[{\"@type\":\"WebPage\",\"@id\":\"https:\\\/\\\/www.infotetquebec.com\\\/es\\\/trafico-de-personas\\\/\",\"url\":\"https:\\\/\\\/www.infotetquebec.com\\\/es\\\/trafico-de-personas\\\/\",\"name\":\"Tr\u00e1fico de personas - Infotetquebec\",\"isPartOf\":{\"@id\":\"https:\\\/\\\/www.infotetquebec.com\\\/es\\\/#website\"},\"primaryImageOfPage\":{\"@id\":\"https:\\\/\\\/www.infotetquebec.com\\\/es\\\/trafico-de-personas\\\/#primaryimage\"},\"image\":{\"@id\":\"https:\\\/\\\/www.infotetquebec.com\\\/es\\\/trafico-de-personas\\\/#primaryimage\"},\"thumbnailUrl\":\"https:\\\/\\\/www.infotetquebec.com\\\/wp-content\\\/uploads\\\/2021\\\/02\\\/sankavi-6ASpo3NMkHU-unsplash-scaled.jpg\",\"datePublished\":\"2021-02-07T14:14:39+00:00\",\"dateModified\":\"2021-02-23T19:03:11+00:00\",\"breadcrumb\":{\"@id\":\"https:\\\/\\\/www.infotetquebec.com\\\/es\\\/trafico-de-personas\\\/#breadcrumb\"},\"inLanguage\":\"es\",\"potentialAction\":[{\"@type\":\"ReadAction\",\"target\":[\"https:\\\/\\\/www.infotetquebec.com\\\/es\\\/trafico-de-personas\\\/\"]}]},{\"@type\":\"ImageObject\",\"inLanguage\":\"es\",\"@id\":\"https:\\\/\\\/www.infotetquebec.com\\\/es\\\/trafico-de-personas\\\/#primaryimage\",\"url\":\"https:\\\/\\\/www.infotetquebec.com\\\/wp-content\\\/uploads\\\/2021\\\/02\\\/sankavi-6ASpo3NMkHU-unsplash-scaled.jpg\",\"contentUrl\":\"https:\\\/\\\/www.infotetquebec.com\\\/wp-content\\\/uploads\\\/2021\\\/02\\\/sankavi-6ASpo3NMkHU-unsplash-scaled.jpg\",\"width\":2560,\"height\":1707},{\"@type\":\"BreadcrumbList\",\"@id\":\"https:\\\/\\\/www.infotetquebec.com\\\/es\\\/trafico-de-personas\\\/#breadcrumb\",\"itemListElement\":[{\"@type\":\"ListItem\",\"position\":1,\"name\":\"Accueil\",\"item\":\"https:\\\/\\\/www.infotetquebec.com\\\/es\\\/\"},{\"@type\":\"ListItem\",\"position\":2,\"name\":\"Tr\u00e1fico de personas\"}]},{\"@type\":\"WebSite\",\"@id\":\"https:\\\/\\\/www.infotetquebec.com\\\/es\\\/#website\",\"url\":\"https:\\\/\\\/www.infotetquebec.com\\\/es\\\/\",\"name\":\"Infotetquebec\",\"description\":\"Info et soutien aux TET\",\"publisher\":{\"@id\":\"https:\\\/\\\/www.infotetquebec.com\\\/es\\\/#organization\"},\"potentialAction\":[{\"@type\":\"SearchAction\",\"target\":{\"@type\":\"EntryPoint\",\"urlTemplate\":\"https:\\\/\\\/www.infotetquebec.com\\\/es\\\/?s={search_term_string}\"},\"query-input\":{\"@type\":\"PropertyValueSpecification\",\"valueRequired\":true,\"valueName\":\"search_term_string\"}}],\"inLanguage\":\"es\"},{\"@type\":\"Organization\",\"@id\":\"https:\\\/\\\/www.infotetquebec.com\\\/es\\\/#organization\",\"name\":\"InfoTETQuebec\",\"url\":\"https:\\\/\\\/www.infotetquebec.com\\\/es\\\/\",\"logo\":{\"@type\":\"ImageObject\",\"inLanguage\":\"es\",\"@id\":\"https:\\\/\\\/www.infotetquebec.com\\\/es\\\/#\\\/schema\\\/logo\\\/image\\\/\",\"url\":\"https:\\\/\\\/www.infotetquebec.com\\\/wp-content\\\/uploads\\\/2021\\\/02\\\/cropped-IMQC_TET_Favicon_Fav-Icon_Fav-Icon-1.png\",\"contentUrl\":\"https:\\\/\\\/www.infotetquebec.com\\\/wp-content\\\/uploads\\\/2021\\\/02\\\/cropped-IMQC_TET_Favicon_Fav-Icon_Fav-Icon-1.png\",\"width\":512,\"height\":512,\"caption\":\"InfoTETQuebec\"},\"image\":{\"@id\":\"https:\\\/\\\/www.infotetquebec.com\\\/es\\\/#\\\/schema\\\/logo\\\/image\\\/\"},\"sameAs\":[\"https:\\\/\\\/www.facebook.com\\\/profile.php?id=100089616676260\"]}]}<\/script>\n<!-- \/ Yoast SEO plugin. -->","yoast_head_json":{"title":"Tr\u00e1fico de personas - Infotetquebec","robots":{"index":"index","follow":"follow","max-snippet":"max-snippet:-1","max-image-preview":"max-image-preview:large","max-video-preview":"max-video-preview:-1"},"canonical":"https:\/\/www.infotetquebec.com\/es\/trafico-de-personas\/","og_locale":"es_ES","og_type":"article","og_title":"Tr\u00e1fico de personas - Infotetquebec","og_description":"\u00bfEs usted una victima? Lastimosamente, algunas personas que vienen a Canad\u00e1 en calidad de trabajadores extranjeros temporales son ileg\u00edtimamente explotadas por su empleador, que las somete al trabajo forzado o... Leer m\u00e1s","og_url":"https:\/\/www.infotetquebec.com\/es\/trafico-de-personas\/","og_site_name":"Infotetquebec","article_publisher":"https:\/\/www.facebook.com\/profile.php?id=100089616676260","article_modified_time":"2021-02-23T19:03:11+00:00","og_image":[{"width":2560,"height":1707,"url":"https:\/\/infotetquebec.com\/wp-content\/uploads\/2021\/02\/sankavi-6ASpo3NMkHU-unsplash-scaled.jpg","type":"image\/jpeg"}],"twitter_card":"summary_large_image","twitter_misc":{"Tiempo de lectura":"2 minutos"},"schema":{"@context":"https:\/\/schema.org","@graph":[{"@type":"WebPage","@id":"https:\/\/www.infotetquebec.com\/es\/trafico-de-personas\/","url":"https:\/\/www.infotetquebec.com\/es\/trafico-de-personas\/","name":"Tr\u00e1fico de personas - Infotetquebec","isPartOf":{"@id":"https:\/\/www.infotetquebec.com\/es\/#website"},"primaryImageOfPage":{"@id":"https:\/\/www.infotetquebec.com\/es\/trafico-de-personas\/#primaryimage"},"image":{"@id":"https:\/\/www.infotetquebec.com\/es\/trafico-de-personas\/#primaryimage"},"thumbnailUrl":"https:\/\/www.infotetquebec.com\/wp-content\/uploads\/2021\/02\/sankavi-6ASpo3NMkHU-unsplash-scaled.jpg","datePublished":"2021-02-07T14:14:39+00:00","dateModified":"2021-02-23T19:03:11+00:00","breadcrumb":{"@id":"https:\/\/www.infotetquebec.com\/es\/trafico-de-personas\/#breadcrumb"},"inLanguage":"es","potentialAction":[{"@type":"ReadAction","target":["https:\/\/www.infotetquebec.com\/es\/trafico-de-personas\/"]}]},{"@type":"ImageObject","inLanguage":"es","@id":"https:\/\/www.infotetquebec.com\/es\/trafico-de-personas\/#primaryimage","url":"https:\/\/www.infotetquebec.com\/wp-content\/uploads\/2021\/02\/sankavi-6ASpo3NMkHU-unsplash-scaled.jpg","contentUrl":"https:\/\/www.infotetquebec.com\/wp-content\/uploads\/2021\/02\/sankavi-6ASpo3NMkHU-unsplash-scaled.jpg","width":2560,"height":1707},{"@type":"BreadcrumbList","@id":"https:\/\/www.infotetquebec.com\/es\/trafico-de-personas\/#breadcrumb","itemListElement":[{"@type":"ListItem","position":1,"name":"Accueil","item":"https:\/\/www.infotetquebec.com\/es\/"},{"@type":"ListItem","position":2,"name":"Tr\u00e1fico de personas"}]},{"@type":"WebSite","@id":"https:\/\/www.infotetquebec.com\/es\/#website","url":"https:\/\/www.infotetquebec.com\/es\/","name":"Infotetquebec","description":"Info et soutien aux TET","publisher":{"@id":"https:\/\/www.infotetquebec.com\/es\/#organization"},"potentialAction":[{"@type":"SearchAction","target":{"@type":"EntryPoint","urlTemplate":"https:\/\/www.infotetquebec.com\/es\/?s={search_term_string}"},"query-input":{"@type":"PropertyValueSpecification","valueRequired":true,"valueName":"search_term_string"}}],"inLanguage":"es"},{"@type":"Organization","@id":"https:\/\/www.infotetquebec.com\/es\/#organization","name":"InfoTETQuebec","url":"https:\/\/www.infotetquebec.com\/es\/","logo":{"@type":"ImageObject","inLanguage":"es","@id":"https:\/\/www.infotetquebec.com\/es\/#\/schema\/logo\/image\/","url":"https:\/\/www.infotetquebec.com\/wp-content\/uploads\/2021\/02\/cropped-IMQC_TET_Favicon_Fav-Icon_Fav-Icon-1.png","contentUrl":"https:\/\/www.infotetquebec.com\/wp-content\/uploads\/2021\/02\/cropped-IMQC_TET_Favicon_Fav-Icon_Fav-Icon-1.png","width":512,"height":512,"caption":"InfoTETQuebec"},"image":{"@id":"https:\/\/www.infotetquebec.com\/es\/#\/schema\/logo\/image\/"},"sameAs":["https:\/\/www.facebook.com\/profile.php?id=100089616676260"]}]}},"rttpg_featured_image_url":{"full":["https:\/\/www.infotetquebec.com\/wp-content\/uploads\/2021\/02\/sankavi-6ASpo3NMkHU-unsplash-scaled.jpg",2560,1707,false],"landscape":["https:\/\/www.infotetquebec.com\/wp-content\/uploads\/2021\/02\/sankavi-6ASpo3NMkHU-unsplash-scaled.jpg",2560,1707,false],"portraits":["https:\/\/www.infotetquebec.com\/wp-content\/uploads\/2021\/02\/sankavi-6ASpo3NMkHU-unsplash-scaled.jpg",2560,1707,false],"thumbnail":["https:\/\/www.infotetquebec.com\/wp-content\/uploads\/2021\/02\/sankavi-6ASpo3NMkHU-unsplash-scaled-300x150.jpg",300,150,true],"medium":["https:\/\/www.infotetquebec.com\/wp-content\/uploads\/2021\/02\/sankavi-6ASpo3NMkHU-unsplash-scaled-300x200.jpg",300,200,true],"large":["https:\/\/www.infotetquebec.com\/wp-content\/uploads\/2021\/02\/sankavi-6ASpo3NMkHU-unsplash-scaled-1024x683.jpg",1024,683,true],"1536x1536":["https:\/\/www.infotetquebec.com\/wp-content\/uploads\/2021\/02\/sankavi-6ASpo3NMkHU-unsplash-scaled-1536x1024.jpg",1536,1024,true],"2048x2048":["https:\/\/www.infotetquebec.com\/wp-content\/uploads\/2021\/02\/sankavi-6ASpo3NMkHU-unsplash-scaled-2048x1366.jpg",2048,1366,true],"sidebar-featured":["https:\/\/www.infotetquebec.com\/wp-content\/uploads\/2021\/02\/sankavi-6ASpo3NMkHU-unsplash-scaled-75x75.jpg",75,75,true],"genesis-singular-images":["https:\/\/www.infotetquebec.com\/wp-content\/uploads\/2021\/02\/sankavi-6ASpo3NMkHU-unsplash-scaled-702x526.jpg",702,526,true]},"rttpg_author":{"display_name":"Agn\u00e8s Merlin","author_link":"https:\/\/www.infotetquebec.com\/es\/author\/agnes-merlinimmigrantquebec-com\/"},"rttpg_comment":0,"rttpg_category":" <a href=\"https:\/\/www.infotetquebec.com\/es\/?taxonomy=translation_priority&#038;term=optional-es\" rel=\"tag\">Optional<\/a>","rttpg_excerpt":"\u00bfEs usted una victima? Lastimosamente, algunas personas que vienen a Canad\u00e1 en calidad de trabajadores extranjeros temporales son ileg\u00edtimamente explotadas por su empleador, que las somete al trabajo forzado o... Leer m\u00e1s","_links":{"self":[{"href":"https:\/\/www.infotetquebec.com\/es\/wp-json\/wp\/v2\/pages\/758","targetHints":{"allow":["GET"]}}],"collection":[{"href":"https:\/\/www.infotetquebec.com\/es\/wp-json\/wp\/v2\/pages"}],"about":[{"href":"https:\/\/www.infotetquebec.com\/es\/wp-json\/wp\/v2\/types\/page"}],"author":[{"embeddable":true,"href":"https:\/\/www.infotetquebec.com\/es\/wp-json\/wp\/v2\/users\/3"}],"replies":[{"embeddable":true,"href":"https:\/\/www.infotetquebec.com\/es\/wp-json\/wp\/v2\/comments?post=758"}],"version-history":[{"count":0,"href":"https:\/\/www.infotetquebec.com\/es\/wp-json\/wp\/v2\/pages\/758\/revisions"}],"wp:featuredmedia":[{"embeddable":true,"href":"https:\/\/www.infotetquebec.com\/es\/wp-json\/wp\/v2\/media\/460"}],"wp:attachment":[{"href":"https:\/\/www.infotetquebec.com\/es\/wp-json\/wp\/v2\/media?parent=758"}],"curies":[{"name":"wp","href":"https:\/\/api.w.org\/{rel}","templated":true}]}}