{"id":6596,"date":"2023-04-28T15:20:11","date_gmt":"2023-04-28T19:20:11","guid":{"rendered":"https:\/\/www.infotetquebec.com\/complexe-x-immigration\/"},"modified":"2023-05-08T11:51:33","modified_gmt":"2023-05-08T15:51:33","slug":"complexe-x-immigration","status":"publish","type":"page","link":"https:\/\/www.infotetquebec.com\/es\/complexe-x-immigration\/","title":{"rendered":"Complexe X Immigration"},"content":{"rendered":"<p><a href=\"https:\/\/complx.ca\"><img decoding=\"async\" class=\"aligncenter size-full wp-image-6588\" src=\"https:\/\/www.infotetquebec.com\/wp-content\/uploads\/2023\/04\/Capture-decran-le-2023-04-28-a-15.07.09.png\" alt=\"\" width=\"376\" height=\"110\" srcset=\"https:\/\/www.infotetquebec.com\/wp-content\/uploads\/2023\/04\/Capture-decran-le-2023-04-28-a-15.07.09.png 376w, https:\/\/www.infotetquebec.com\/wp-content\/uploads\/2023\/04\/Capture-decran-le-2023-04-28-a-15.07.09-300x88.png 300w\" sizes=\"(max-width: 376px) 100vw, 376px\" \/><\/a><\/p>\n<h4 style=\"text-align: center;\"><strong>253 rue Sainte-Catherine, Local 200<\/strong><\/h4>\n<h4 style=\"text-align: center;\"><strong> Saint-Constant, Qc, J5A 2J6<\/strong><\/h4>\n<h4 style=\"text-align: center;\"><strong>450 635-3222<\/strong><\/h4>\n<p><a href=\"https:\/\/www.facebook.com\/complexexinc?locale=fr_FR\"><br \/>\n<img decoding=\"async\" class=\"aligncenter size-full wp-image-2405\" src=\"https:\/\/www.infotetquebec.com\/wp-content\/uploads\/2022\/03\/FACEBOOK-1.png\" alt=\"\" width=\"40\" height=\"40\" \/><\/a><\/p>\n<p>&nbsp;<\/p>\n<h4 style=\"text-align: center;\"><strong>Regi\u00f3n afectada por el proyecto : Mont\u00e9r\u00e9gie\u00a0<\/strong><\/h4>\n<p><a href=\"https:\/\/www.infotetquebec.com\/wp-content\/uploads\/2022\/06\/Carte.png\"><img fetchpriority=\"high\" decoding=\"async\" class=\"aligncenter wp-image-3308\" src=\"https:\/\/www.infotetquebec.com\/wp-content\/uploads\/2022\/06\/Carte.png\" alt=\"\" width=\"600\" height=\"450\" srcset=\"https:\/\/www.infotetquebec.com\/wp-content\/uploads\/2022\/06\/Carte.png 600w, https:\/\/www.infotetquebec.com\/wp-content\/uploads\/2022\/06\/Carte-300x225.png 300w\" sizes=\"(max-width: 600px) 100vw, 600px\" \/><\/a><\/p>\n<h4 style=\"text-align: center;\"><b>Servicios y actividades\u00a0<\/b><\/h4>\n<p><a href=\"https:\/\/www.infotetquebec.com\/wp-content\/uploads\/2022\/07\/Sesio\u0301n-de-informacio\u0301n-blanc.png\"><img loading=\"lazy\" decoding=\"async\" class=\"aligncenter size-full wp-image-4463\" src=\"https:\/\/www.infotetquebec.com\/wp-content\/uploads\/2022\/07\/Sesio\u0301n-de-informacio\u0301n-blanc.png\" alt=\"\" width=\"300\" height=\"100\" \/><\/a><a href=\"https:\/\/www.infotetquebec.com\/wp-content\/uploads\/2022\/07\/Actividad-cultural-o-deportiva-o-deporte-vert.png\"><img loading=\"lazy\" decoding=\"async\" class=\"aligncenter size-full wp-image-4430\" src=\"https:\/\/www.infotetquebec.com\/wp-content\/uploads\/2022\/07\/Actividad-cultural-o-deportiva-o-deporte-vert.png\" alt=\"\" width=\"300\" height=\"100\" \/><\/a><\/p>\n<p>&nbsp;<\/p>\n","protected":false},"excerpt":{"rendered":"<p>253 rue Sainte-Catherine, Local 200 Saint-Constant, Qc, J5A 2J6 450 635-3222 &nbsp; Regi\u00f3n afectada por el proyecto : Mont\u00e9r\u00e9gie\u00a0 Servicios y actividades\u00a0 &nbsp;<\/p>\n","protected":false},"author":17,"featured_media":0,"parent":0,"menu_order":0,"comment_status":"closed","ping_status":"closed","template":"","meta":{"_genesis_hide_title":false,"_genesis_hide_breadcrumbs":false,"_genesis_hide_singular_image":false,"_genesis_hide_footer_widgets":false,"_genesis_custom_body_class":"","_genesis_custom_post_class":"","_genesis_layout":"","footnotes":""},"class_list":["post-6596","page","type-page","status-publish","entry"],"yoast_head":"<!-- This site is optimized with the Yoast SEO plugin v27.4 - https:\/\/yoast.com\/product\/yoast-seo-wordpress\/ -->\n<title>Complexe X Immigration - Infotetquebec<\/title>\n<meta name=\"robots\" content=\"index, follow, max-snippet:-1, max-image-preview:large, max-video-preview:-1\" \/>\n<link rel=\"canonical\" href=\"https:\/\/www.infotetquebec.com\/es\/complexe-x-immigration\/\" \/>\n<meta property=\"og:locale\" content=\"es_ES\" \/>\n<meta property=\"og:type\" content=\"article\" \/>\n<meta property=\"og:title\" content=\"Complexe X Immigration - Infotetquebec\" \/>\n<meta property=\"og:description\" content=\"253 rue Sainte-Catherine, Local 200 Saint-Constant, Qc, J5A 2J6 450 635-3222 &nbsp; Regi\u00f3n afectada por el proyecto : Mont\u00e9r\u00e9gie\u00a0 Servicios y actividades\u00a0 &nbsp;\" \/>\n<meta property=\"og:url\" content=\"https:\/\/www.infotetquebec.com\/es\/complexe-x-immigration\/\" \/>\n<meta property=\"og:site_name\" content=\"Infotetquebec\" \/>\n<meta property=\"article:publisher\" content=\"https:\/\/www.facebook.com\/profile.php?id=100089616676260\" \/>\n<meta property=\"article:modified_time\" content=\"2023-05-08T15:51:33+00:00\" \/>\n<meta property=\"og:image\" content=\"https:\/\/www.infotetquebec.com\/wp-content\/uploads\/2023\/04\/Capture-decran-le-2023-04-28-a-15.07.09.png\" \/>\n<meta name=\"twitter:card\" content=\"summary_large_image\" \/>\n<meta name=\"twitter:label1\" content=\"Tiempo de lectura\" \/>\n\t<meta name=\"twitter:data1\" content=\"2 minutos\" \/>\n<script type=\"application\/ld+json\" class=\"yoast-schema-graph\">{\"@context\":\"https:\\\/\\\/schema.org\",\"@graph\":[{\"@type\":\"WebPage\",\"@id\":\"https:\\\/\\\/www.infotetquebec.com\\\/es\\\/complexe-x-immigration\\\/\",\"url\":\"https:\\\/\\\/www.infotetquebec.com\\\/es\\\/complexe-x-immigration\\\/\",\"name\":\"Complexe X Immigration - Infotetquebec\",\"isPartOf\":{\"@id\":\"https:\\\/\\\/www.infotetquebec.com\\\/es\\\/#website\"},\"primaryImageOfPage\":{\"@id\":\"https:\\\/\\\/www.infotetquebec.com\\\/es\\\/complexe-x-immigration\\\/#primaryimage\"},\"image\":{\"@id\":\"https:\\\/\\\/www.infotetquebec.com\\\/es\\\/complexe-x-immigration\\\/#primaryimage\"},\"thumbnailUrl\":\"https:\\\/\\\/www.infotetquebec.com\\\/wp-content\\\/uploads\\\/2023\\\/04\\\/Capture-decran-le-2023-04-28-a-15.07.09.png\",\"datePublished\":\"2023-04-28T19:20:11+00:00\",\"dateModified\":\"2023-05-08T15:51:33+00:00\",\"breadcrumb\":{\"@id\":\"https:\\\/\\\/www.infotetquebec.com\\\/es\\\/complexe-x-immigration\\\/#breadcrumb\"},\"inLanguage\":\"es\",\"potentialAction\":[{\"@type\":\"ReadAction\",\"target\":[\"https:\\\/\\\/www.infotetquebec.com\\\/es\\\/complexe-x-immigration\\\/\"]}]},{\"@type\":\"ImageObject\",\"inLanguage\":\"es\",\"@id\":\"https:\\\/\\\/www.infotetquebec.com\\\/es\\\/complexe-x-immigration\\\/#primaryimage\",\"url\":\"https:\\\/\\\/www.infotetquebec.com\\\/wp-content\\\/uploads\\\/2023\\\/04\\\/Capture-decran-le-2023-04-28-a-15.07.09.png\",\"contentUrl\":\"https:\\\/\\\/www.infotetquebec.com\\\/wp-content\\\/uploads\\\/2023\\\/04\\\/Capture-decran-le-2023-04-28-a-15.07.09.png\"},{\"@type\":\"BreadcrumbList\",\"@id\":\"https:\\\/\\\/www.infotetquebec.com\\\/es\\\/complexe-x-immigration\\\/#breadcrumb\",\"itemListElement\":[{\"@type\":\"ListItem\",\"position\":1,\"name\":\"Accueil\",\"item\":\"https:\\\/\\\/www.infotetquebec.com\\\/es\\\/\"},{\"@type\":\"ListItem\",\"position\":2,\"name\":\"Complexe X Immigration\"}]},{\"@type\":\"WebSite\",\"@id\":\"https:\\\/\\\/www.infotetquebec.com\\\/es\\\/#website\",\"url\":\"https:\\\/\\\/www.infotetquebec.com\\\/es\\\/\",\"name\":\"Infotetquebec\",\"description\":\"Info et soutien aux TET\",\"publisher\":{\"@id\":\"https:\\\/\\\/www.infotetquebec.com\\\/es\\\/#organization\"},\"potentialAction\":[{\"@type\":\"SearchAction\",\"target\":{\"@type\":\"EntryPoint\",\"urlTemplate\":\"https:\\\/\\\/www.infotetquebec.com\\\/es\\\/?s={search_term_string}\"},\"query-input\":{\"@type\":\"PropertyValueSpecification\",\"valueRequired\":true,\"valueName\":\"search_term_string\"}}],\"inLanguage\":\"es\"},{\"@type\":\"Organization\",\"@id\":\"https:\\\/\\\/www.infotetquebec.com\\\/es\\\/#organization\",\"name\":\"InfoTETQuebec\",\"url\":\"https:\\\/\\\/www.infotetquebec.com\\\/es\\\/\",\"logo\":{\"@type\":\"ImageObject\",\"inLanguage\":\"es\",\"@id\":\"https:\\\/\\\/www.infotetquebec.com\\\/es\\\/#\\\/schema\\\/logo\\\/image\\\/\",\"url\":\"https:\\\/\\\/www.infotetquebec.com\\\/wp-content\\\/uploads\\\/2021\\\/02\\\/cropped-IMQC_TET_Favicon_Fav-Icon_Fav-Icon-1.png\",\"contentUrl\":\"https:\\\/\\\/www.infotetquebec.com\\\/wp-content\\\/uploads\\\/2021\\\/02\\\/cropped-IMQC_TET_Favicon_Fav-Icon_Fav-Icon-1.png\",\"width\":512,\"height\":512,\"caption\":\"InfoTETQuebec\"},\"image\":{\"@id\":\"https:\\\/\\\/www.infotetquebec.com\\\/es\\\/#\\\/schema\\\/logo\\\/image\\\/\"},\"sameAs\":[\"https:\\\/\\\/www.facebook.com\\\/profile.php?id=100089616676260\"]}]}<\/script>\n<!-- \/ Yoast SEO plugin. -->","yoast_head_json":{"title":"Complexe X Immigration - Infotetquebec","robots":{"index":"index","follow":"follow","max-snippet":"max-snippet:-1","max-image-preview":"max-image-preview:large","max-video-preview":"max-video-preview:-1"},"canonical":"https:\/\/www.infotetquebec.com\/es\/complexe-x-immigration\/","og_locale":"es_ES","og_type":"article","og_title":"Complexe X Immigration - Infotetquebec","og_description":"253 rue Sainte-Catherine, Local 200 Saint-Constant, Qc, J5A 2J6 450 635-3222 &nbsp; Regi\u00f3n afectada por el proyecto : Mont\u00e9r\u00e9gie\u00a0 Servicios y actividades\u00a0 &nbsp;","og_url":"https:\/\/www.infotetquebec.com\/es\/complexe-x-immigration\/","og_site_name":"Infotetquebec","article_publisher":"https:\/\/www.facebook.com\/profile.php?id=100089616676260","article_modified_time":"2023-05-08T15:51:33+00:00","og_image":[{"url":"https:\/\/www.infotetquebec.com\/wp-content\/uploads\/2023\/04\/Capture-decran-le-2023-04-28-a-15.07.09.png","type":"","width":"","height":""}],"twitter_card":"summary_large_image","twitter_misc":{"Tiempo de lectura":"2 minutos"},"schema":{"@context":"https:\/\/schema.org","@graph":[{"@type":"WebPage","@id":"https:\/\/www.infotetquebec.com\/es\/complexe-x-immigration\/","url":"https:\/\/www.infotetquebec.com\/es\/complexe-x-immigration\/","name":"Complexe X Immigration - Infotetquebec","isPartOf":{"@id":"https:\/\/www.infotetquebec.com\/es\/#website"},"primaryImageOfPage":{"@id":"https:\/\/www.infotetquebec.com\/es\/complexe-x-immigration\/#primaryimage"},"image":{"@id":"https:\/\/www.infotetquebec.com\/es\/complexe-x-immigration\/#primaryimage"},"thumbnailUrl":"https:\/\/www.infotetquebec.com\/wp-content\/uploads\/2023\/04\/Capture-decran-le-2023-04-28-a-15.07.09.png","datePublished":"2023-04-28T19:20:11+00:00","dateModified":"2023-05-08T15:51:33+00:00","breadcrumb":{"@id":"https:\/\/www.infotetquebec.com\/es\/complexe-x-immigration\/#breadcrumb"},"inLanguage":"es","potentialAction":[{"@type":"ReadAction","target":["https:\/\/www.infotetquebec.com\/es\/complexe-x-immigration\/"]}]},{"@type":"ImageObject","inLanguage":"es","@id":"https:\/\/www.infotetquebec.com\/es\/complexe-x-immigration\/#primaryimage","url":"https:\/\/www.infotetquebec.com\/wp-content\/uploads\/2023\/04\/Capture-decran-le-2023-04-28-a-15.07.09.png","contentUrl":"https:\/\/www.infotetquebec.com\/wp-content\/uploads\/2023\/04\/Capture-decran-le-2023-04-28-a-15.07.09.png"},{"@type":"BreadcrumbList","@id":"https:\/\/www.infotetquebec.com\/es\/complexe-x-immigration\/#breadcrumb","itemListElement":[{"@type":"ListItem","position":1,"name":"Accueil","item":"https:\/\/www.infotetquebec.com\/es\/"},{"@type":"ListItem","position":2,"name":"Complexe X Immigration"}]},{"@type":"WebSite","@id":"https:\/\/www.infotetquebec.com\/es\/#website","url":"https:\/\/www.infotetquebec.com\/es\/","name":"Infotetquebec","description":"Info et soutien aux TET","publisher":{"@id":"https:\/\/www.infotetquebec.com\/es\/#organization"},"potentialAction":[{"@type":"SearchAction","target":{"@type":"EntryPoint","urlTemplate":"https:\/\/www.infotetquebec.com\/es\/?s={search_term_string}"},"query-input":{"@type":"PropertyValueSpecification","valueRequired":true,"valueName":"search_term_string"}}],"inLanguage":"es"},{"@type":"Organization","@id":"https:\/\/www.infotetquebec.com\/es\/#organization","name":"InfoTETQuebec","url":"https:\/\/www.infotetquebec.com\/es\/","logo":{"@type":"ImageObject","inLanguage":"es","@id":"https:\/\/www.infotetquebec.com\/es\/#\/schema\/logo\/image\/","url":"https:\/\/www.infotetquebec.com\/wp-content\/uploads\/2021\/02\/cropped-IMQC_TET_Favicon_Fav-Icon_Fav-Icon-1.png","contentUrl":"https:\/\/www.infotetquebec.com\/wp-content\/uploads\/2021\/02\/cropped-IMQC_TET_Favicon_Fav-Icon_Fav-Icon-1.png","width":512,"height":512,"caption":"InfoTETQuebec"},"image":{"@id":"https:\/\/www.infotetquebec.com\/es\/#\/schema\/logo\/image\/"},"sameAs":["https:\/\/www.facebook.com\/profile.php?id=100089616676260"]}]}},"rttpg_featured_image_url":null,"rttpg_author":{"display_name":"Francisco Salazar","author_link":"https:\/\/www.infotetquebec.com\/es\/author\/francisco-salazarimmigrantquebec-com\/"},"rttpg_comment":0,"rttpg_category":" <a href=\"https:\/\/www.infotetquebec.com\/es\/?taxonomy=translation_priority&#038;term=opcional-es-3\" rel=\"tag\">Opcional<\/a><a href=\"https:\/\/www.infotetquebec.com\/es\/?taxonomy=translation_priority&#038;term=optional-es\" rel=\"tag\">Optional<\/a>","rttpg_excerpt":"253 rue Sainte-Catherine, Local 200 Saint-Constant, Qc, J5A 2J6 450 635-3222 &nbsp; Regi\u00f3n afectada por el proyecto : Mont\u00e9r\u00e9gie\u00a0 Servicios y actividades\u00a0 &nbsp;","_links":{"self":[{"href":"https:\/\/www.infotetquebec.com\/es\/wp-json\/wp\/v2\/pages\/6596","targetHints":{"allow":["GET"]}}],"collection":[{"href":"https:\/\/www.infotetquebec.com\/es\/wp-json\/wp\/v2\/pages"}],"about":[{"href":"https:\/\/www.infotetquebec.com\/es\/wp-json\/wp\/v2\/types\/page"}],"author":[{"embeddable":true,"href":"https:\/\/www.infotetquebec.com\/es\/wp-json\/wp\/v2\/users\/17"}],"replies":[{"embeddable":true,"href":"https:\/\/www.infotetquebec.com\/es\/wp-json\/wp\/v2\/comments?post=6596"}],"version-history":[{"count":2,"href":"https:\/\/www.infotetquebec.com\/es\/wp-json\/wp\/v2\/pages\/6596\/revisions"}],"predecessor-version":[{"id":7001,"href":"https:\/\/www.infotetquebec.com\/es\/wp-json\/wp\/v2\/pages\/6596\/revisions\/7001"}],"wp:attachment":[{"href":"https:\/\/www.infotetquebec.com\/es\/wp-json\/wp\/v2\/media?parent=6596"}],"curies":[{"name":"wp","href":"https:\/\/api.w.org\/{rel}","templated":true}]}}